{"id":6,"date":"2016-07-05T18:31:31","date_gmt":"2016-07-05T16:31:31","guid":{"rendered":"http:\/\/kindergarten-st-konrad.de\/wordpress\/?page_id=6"},"modified":"2020-04-18T21:25:46","modified_gmt":"2020-04-18T19:25:46","slug":"wir-ueber-uns","status":"publish","type":"page","link":"http:\/\/kindergarten-st-konrad.de\/?page_id=6","title":{"rendered":"Wir \u00fcber uns"},"content":{"rendered":"<p style=\"text-align: left;\"><span style=\"color: #ff9900;\"><em><strong>Tr\u00e4ger<\/strong><\/em><\/span><br \/>\nTr\u00e4ger unserer Einrichtung ist die katholische Kirchenstiftung St. Konrad<br \/>\nHerr Pfarrer Dr. Clemens Hergenr\u00f6der<br \/>\nFeldkirchener Stra\u00dfe 81<br \/>\n85055 Ingolstadt<br \/>\nTel: 0841\/56502<\/p>\n<p style=\"text-align: left;\">Seit 1953 gibt es einen Kindergarten in der Pfarrei St. Konrad, bis 1968 wurden die Kinder in einem Raum im Pfarrheim betreut und zogen dann in den neu erbauten drei-gruppigen Kindergarten um. 1994 wurde der Kindergarten generalsaniert.<\/p>\n<p style=\"text-align: left;\"><span style=\"color: #ff9900;\"><strong><em>Lage und Einzugsgebiet<\/em><\/strong><\/span><br \/>\nDie Pfarrei St. Konrad liegt im Nord-Osten von Ingolstadt, in der N\u00e4he zur Autobahn und zur Donau. Das Grundst\u00fcck des Kindergartens wird\u00a0 im S\u00fcden und Norden jeweils von einer Stra\u00dfe begrenzt. In unmittelbarer N\u00e4he befindet sich das Pfarrzentrum und die Pfarrkirche St. Konrad.<br \/>\nDas Einzugsgebiet ist das Pfarreigebiet St. Konrad. Hier wohnen Familien aller Gesellschaftsschichten in Einfamilienh\u00e4usern, Wohnbl\u00f6cken, Hochh\u00e4usern sowie viele ausl\u00e4ndische Mitb\u00fcrger.<br \/>\nDie Kinder unseres Kindergartens geh\u00f6ren unterschiedlichsten Nationalit\u00e4ten und Familienstrukturen an. Eine Berufst\u00e4tigkeit beider Eltern ist zu einem Drittel gegeben.<\/p>\n<p style=\"text-align: left;\"><span style=\"color: #ff9900;\"><strong><em>R\u00e4umlichkeiten<\/em><\/strong><\/span><br \/>\nAls Spiel- und Nutzfl\u00e4che stehen drei \u00fcberdurchschnittlich gro\u00dfe Gruppenr\u00e4ume (1 x 90 qm, 1 x 75 qm, 1 x 65 qm) mit Nebenr\u00e4umen, ein Turnraum, der Flur und 2 Waschr\u00e4ume mit Toiletten zur Verf\u00fcgung. Ferner gibt es einen Schlaf und Turnraum.<br \/>\nAlle R\u00e4ume stehen w\u00e4hrend der Freispielzeit allen Kindern zur freien Verf\u00fcgung.<br \/>\nIm Flur werden im Wechsel nach den W\u00fcnschen und Interessen der Kinder Spielecken eingerichtet.<\/p>\n<p style=\"text-align: left;\"><span style=\"color: #ff9900;\"><strong><em>Au\u00dfenanlagen<\/em><\/strong><\/span><br \/>\nZum gro\u00dfen Garten mit dem alten eingewachsenen Baumbestand, geh\u00f6ren ein Gartenhaus mit Sandspielzeug, Materialien zum Spielen und Fahrzeugen.<br \/>\nUnser Garten bietet: einen gepflasterten Vorplatz zum Fahren mit Roller und Dreirad, gro\u00dfe schattige Sandk\u00e4sten, Wasseranschluss f\u00fcr die Sandk\u00e4sten, Spielh\u00e4user, Rutsche, Hang zum Kullern und Schlittenfahren, Pl\u00e4tze zum Verstecken, gro\u00dfe Wiesenfl\u00e4che, Bewegungsbaustelle, Kletterturm, Feder-wipptiere, Balancierbalken, Spinnennetz zum Klettern, Vogelnetzschaukel und Sitzschaukel<\/p>\n","protected":false},"excerpt":{"rendered":"<p>Tr\u00e4ger Tr\u00e4ger unserer Einrichtung ist die katholische Kirchenstiftung St. Konrad Herr Pfarrer Dr. Clemens Hergenr\u00f6der Feldkirchener Stra\u00dfe 81 85055 Ingolstadt Tel: 0841\/56502 Seit 1953 gibt es einen Kindergarten in der Pfarrei St. Konrad, bis 1968 wurden die Kinder in einem Raum im Pfarrheim betreut und zogen dann in den neu erbauten drei-gruppigen Kindergarten um. 1994 [&hellip;]<\/p>\n","protected":false},"author":1,"featured_media":0,"parent":0,"menu_order":0,"comment_status":"closed","ping_status":"closed","template":"","meta":{"jetpack_post_was_ever_published":false,"footnotes":""},"class_list":["post-6","page","type-page","status-publish","hentry"],"jetpack_sharing_enabled":true,"jetpack_shortlink":"https:\/\/wp.me\/P7HeSw-6","_links":{"self":[{"href":"http:\/\/kindergarten-st-konrad.de\/index.php?rest_route=\/wp\/v2\/pages\/6","targetHints":{"allow":["GET"]}}],"collection":[{"href":"http:\/\/kindergarten-st-konrad.de\/index.php?rest_route=\/wp\/v2\/pages"}],"about":[{"href":"http:\/\/kindergarten-st-konrad.de\/index.php?rest_route=\/wp\/v2\/types\/page"}],"author":[{"embeddable":true,"href":"http:\/\/kindergarten-st-konrad.de\/index.php?rest_route=\/wp\/v2\/users\/1"}],"replies":[{"embeddable":true,"href":"http:\/\/kindergarten-st-konrad.de\/index.php?rest_route=%2Fwp%2Fv2%2Fcomments&post=6"}],"version-history":[{"count":6,"href":"http:\/\/kindergarten-st-konrad.de\/index.php?rest_route=\/wp\/v2\/pages\/6\/revisions"}],"predecessor-version":[{"id":1049,"href":"http:\/\/kindergarten-st-konrad.de\/index.php?rest_route=\/wp\/v2\/pages\/6\/revisions\/1049"}],"wp:attachment":[{"href":"http:\/\/kindergarten-st-konrad.de\/index.php?rest_route=%2Fwp%2Fv2%2Fmedia&parent=6"}],"curies":[{"name":"wp","href":"https:\/\/api.w.org\/{rel}","templated":true}]}}