{"id":43,"date":"2016-07-05T18:42:52","date_gmt":"2016-07-05T16:42:52","guid":{"rendered":"http:\/\/kindergarten-st-konrad.de\/wordpress\/?page_id=43"},"modified":"2025-01-16T14:05:47","modified_gmt":"2025-01-16T13:05:47","slug":"gebuehren-2","status":"publish","type":"page","link":"http:\/\/kindergarten-st-konrad.de\/?page_id=43","title":{"rendered":"Geb\u00fchren Kindergarten"},"content":{"rendered":"<p><strong><span style=\"color: #ff9900;\"><em>Elternbeitr\u00e4ge gestaffelt ab 01.09.2025<br \/>\n<\/em><\/span><\/strong><\/p>\n<p>Der Elternbeitrag errechnet sich aus dem Wochendurchschnitt der Betreuungszeit Ihres Kindes und wird jeweils am 15. eines Monats per Lastschrift von Ihrem Konto abgebucht.<\/p>\n<p>Die Elternbeitr\u00e4ge sind f\u00fcr 12 Monate von September bis einschlie\u00dflich August zu entrichten.<\/p>\n<p>Die Kinder erhalten zus\u00e4tzlich den staatlichen Zuschuss von 100\u20ac nach der geltenden Regelung.<\/p>\n<p>Gebuchte Stunden:<\/p>\n<p>bis zu 20 Stunden: 185\u20ac<br \/>\nbis zu 25 Stunden: 204\u20ac<br \/>\nbis zu 30 Stunden: 223\u20ac<br \/>\nbis zu 35 Stunden: 242\u20ac<br \/>\nbis zu 40 Stunden: 261\u20ac<br \/>\nbis zu 45 Stunden: 280\u20ac<\/p>\n<p><u><br \/>\n<\/u><em><span style=\"color: #ff9900;\">Sonstige Kosten<\/span><span style=\"color: #ff9900;\">:<\/span><\/em><\/p>\n<p>Einmalige Anmeldegeb\u00fchr: 15,- \u20ac<br \/>\nMittagessen 4,50 \u20ac t\u00e4glich &#8211; Taggenaue Abrechnung<\/p>\n<p>Kita-App: j\u00e4hrlicher Beitrag 12,-\u20ac<\/p>\n","protected":false},"excerpt":{"rendered":"<p>Elternbeitr\u00e4ge gestaffelt ab 01.09.2025 Der Elternbeitrag errechnet sich aus dem Wochendurchschnitt der Betreuungszeit Ihres Kindes und wird jeweils am 15. eines Monats per Lastschrift von Ihrem Konto abgebucht. Die Elternbeitr\u00e4ge sind f\u00fcr 12 Monate von September bis einschlie\u00dflich August zu entrichten. Die Kinder erhalten zus\u00e4tzlich den staatlichen Zuschuss von 100\u20ac nach der geltenden Regelung. Gebuchte [&hellip;]<\/p>\n","protected":false},"author":1,"featured_media":0,"parent":0,"menu_order":0,"comment_status":"closed","ping_status":"closed","template":"","meta":{"jetpack_post_was_ever_published":false,"footnotes":""},"class_list":["post-43","page","type-page","status-publish","hentry"],"jetpack_sharing_enabled":true,"jetpack_shortlink":"https:\/\/wp.me\/P7HeSw-H","_links":{"self":[{"href":"http:\/\/kindergarten-st-konrad.de\/index.php?rest_route=\/wp\/v2\/pages\/43","targetHints":{"allow":["GET"]}}],"collection":[{"href":"http:\/\/kindergarten-st-konrad.de\/index.php?rest_route=\/wp\/v2\/pages"}],"about":[{"href":"http:\/\/kindergarten-st-konrad.de\/index.php?rest_route=\/wp\/v2\/types\/page"}],"author":[{"embeddable":true,"href":"http:\/\/kindergarten-st-konrad.de\/index.php?rest_route=\/wp\/v2\/users\/1"}],"replies":[{"embeddable":true,"href":"http:\/\/kindergarten-st-konrad.de\/index.php?rest_route=%2Fwp%2Fv2%2Fcomments&post=43"}],"version-history":[{"count":14,"href":"http:\/\/kindergarten-st-konrad.de\/index.php?rest_route=\/wp\/v2\/pages\/43\/revisions"}],"predecessor-version":[{"id":1618,"href":"http:\/\/kindergarten-st-konrad.de\/index.php?rest_route=\/wp\/v2\/pages\/43\/revisions\/1618"}],"wp:attachment":[{"href":"http:\/\/kindergarten-st-konrad.de\/index.php?rest_route=%2Fwp%2Fv2%2Fmedia&parent=43"}],"curies":[{"name":"wp","href":"https:\/\/api.w.org\/{rel}","templated":true}]}}