{"id":206,"date":"2016-07-24T11:51:00","date_gmt":"2016-07-24T09:51:00","guid":{"rendered":"http:\/\/kindergarten-st-konrad.de\/wordpress\/?page_id=206"},"modified":"2021-01-28T12:30:55","modified_gmt":"2021-01-28T11:30:55","slug":"allgemeines","status":"publish","type":"page","link":"http:\/\/kindergarten-st-konrad.de\/?page_id=206","title":{"rendered":"Allgemeines"},"content":{"rendered":"<p>In unserem Kindergarten werden 75 Kinder in drei Kindergruppen mit je 25 Kindern im Alter von 3 bis 6 Jahren betreut. Wir sind die Sonnenkinder, Blumenkinder und Regenbogenkinder. In drei hellen, \u00fcberdurchschnittlichen gro\u00dfen und kindgerecht eingerichteten Gruppenr\u00e4umen f\u00fchlen sich die Kinder wohl. Unser gro\u00dfer Garten mit seinen vielf\u00e4ltigen Spielm\u00f6glichkeiten wird t\u00e4glich von den Kindern genutzt.<\/p>\n","protected":false},"excerpt":{"rendered":"<p>In unserem Kindergarten werden 75 Kinder in drei Kindergruppen mit je 25 Kindern im Alter von 3 bis 6 Jahren betreut. Wir sind die Sonnenkinder, Blumenkinder und Regenbogenkinder. In drei hellen, \u00fcberdurchschnittlichen gro\u00dfen und kindgerecht eingerichteten Gruppenr\u00e4umen f\u00fchlen sich die Kinder wohl. Unser gro\u00dfer Garten mit seinen vielf\u00e4ltigen Spielm\u00f6glichkeiten wird t\u00e4glich von den Kindern genutzt.<\/p>\n","protected":false},"author":1,"featured_media":0,"parent":0,"menu_order":0,"comment_status":"closed","ping_status":"closed","template":"","meta":{"jetpack_post_was_ever_published":false,"footnotes":""},"class_list":["post-206","page","type-page","status-publish","hentry"],"jetpack_sharing_enabled":true,"jetpack_shortlink":"https:\/\/wp.me\/P7HeSw-3k","_links":{"self":[{"href":"http:\/\/kindergarten-st-konrad.de\/index.php?rest_route=\/wp\/v2\/pages\/206","targetHints":{"allow":["GET"]}}],"collection":[{"href":"http:\/\/kindergarten-st-konrad.de\/index.php?rest_route=\/wp\/v2\/pages"}],"about":[{"href":"http:\/\/kindergarten-st-konrad.de\/index.php?rest_route=\/wp\/v2\/types\/page"}],"author":[{"embeddable":true,"href":"http:\/\/kindergarten-st-konrad.de\/index.php?rest_route=\/wp\/v2\/users\/1"}],"replies":[{"embeddable":true,"href":"http:\/\/kindergarten-st-konrad.de\/index.php?rest_route=%2Fwp%2Fv2%2Fcomments&post=206"}],"version-history":[{"count":6,"href":"http:\/\/kindergarten-st-konrad.de\/index.php?rest_route=\/wp\/v2\/pages\/206\/revisions"}],"predecessor-version":[{"id":1356,"href":"http:\/\/kindergarten-st-konrad.de\/index.php?rest_route=\/wp\/v2\/pages\/206\/revisions\/1356"}],"wp:attachment":[{"href":"http:\/\/kindergarten-st-konrad.de\/index.php?rest_route=%2Fwp%2Fv2%2Fmedia&parent=206"}],"curies":[{"name":"wp","href":"https:\/\/api.w.org\/{rel}","templated":true}]}}